{"id":14,"date":"2025-09-08T14:30:04","date_gmt":"2025-09-08T14:30:04","guid":{"rendered":"https:\/\/cerclehebe.recherche.usherbrooke.ca\/developpement\/?page_id=14"},"modified":"2026-03-12T15:34:12","modified_gmt":"2026-03-12T19:34:12","slug":"groupe","status":"publish","type":"page","link":"https:\/\/cerclehebe.recherche.usherbrooke.ca\/index.php\/groupe\/","title":{"rendered":"Groupe"},"content":{"rendered":"\n<div class=\"wp-block-group is-nowrap is-layout-flex wp-container-core-group-is-layout-6c531013 wp-block-group-is-layout-flex\"><\/div>\n\n\n\n<h2 class=\"wp-block-heading has-text-align-center\">Directeurs de recherche<\/h2>\n\n\n\n<div class=\"wp-block-group alignfull has-global-padding is-layout-constrained wp-container-core-group-is-layout-d89aad35 wp-block-group-is-layout-constrained\" style=\"margin-top:0;margin-bottom:0;padding-top:var(--wp--preset--spacing--50);padding-right:var(--wp--preset--spacing--50);padding-bottom:var(--wp--preset--spacing--50);padding-left:var(--wp--preset--spacing--50)\">\n<div class=\"wp-block-group alignwide has-global-padding is-layout-constrained wp-container-core-group-is-layout-19e250f3 wp-block-group-is-layout-constrained\">\n<div class=\"wp-block-group alignfull is-vertical is-layout-flex wp-container-core-group-is-layout-d3a5af94 wp-block-group-is-layout-flex\" style=\"margin-top:var(--wp--preset--spacing--40);margin-bottom:var(--wp--preset--spacing--40)\">\n<div class=\"wp-block-columns .student-section { max-width: 1200px; \/* \u60f3\u8981\u591a\u5bbd\u6539\u8fd9\u91cc\uff0c\u6bd4\u5982100% *\/ margin: 0 auto; \u5c45\u4e2d\u5bf9\u9f50 } has-small-font-size is-layout-flex wp-container-core-columns-is-layout-28f84493 wp-block-columns-is-layout-flex\" style=\"letter-spacing:0px;line-height:1.1;text-transform:none\">\n<div class=\"wp-block-column is-layout-flow wp-block-column-is-layout-flow\">\n<figure class=\"wp-block-image aligncenter size-full is-resized\"><a href=\"https:\/\/www.usherbrooke.ca\/recherche\/fr\/specialistes\/details\/dominique.derome\"><img loading=\"lazy\" decoding=\"async\" width=\"559\" height=\"783\" src=\"https:\/\/cerclehebe.recherche.usherbrooke.ca\/wp-content\/uploads\/2025\/09\/Dominique-Derome.jpg\" alt=\"\" class=\"wp-image-78\" style=\"object-fit:cover;width:400px;height:500px\" srcset=\"https:\/\/cerclehebe.recherche.usherbrooke.ca\/wp-content\/uploads\/2025\/09\/Dominique-Derome.jpg 559w, https:\/\/cerclehebe.recherche.usherbrooke.ca\/wp-content\/uploads\/2025\/09\/Dominique-Derome-214x300.jpg 214w\" sizes=\"auto, (max-width: 559px) 100vw, 559px\" \/><\/a><\/figure>\n\n\n\n<h2 class=\"wp-block-heading has-text-align-center has-large-font-size\" style=\"font-style:normal;font-weight:700\"><strong><strong>Dominique Derome<\/strong><\/strong><\/h2>\n\n\n\n<p class=\"has-text-align-center has-medium-font-size\">Durabilit\u00e9, transfert de chaleur et de masse, enveloppe du b\u00e2timent<\/p>\n<\/div>\n\n\n\n<div class=\"wp-block-column is-layout-flow wp-block-column-is-layout-flow\">\n<figure class=\"wp-block-image aligncenter size-full is-resized\"><a href=\"https:\/\/www.usherbrooke.ca\/recherche\/fr\/specialistes\/details\/dahai.qi\"><img loading=\"lazy\" decoding=\"async\" width=\"251\" height=\"313\" src=\"https:\/\/cerclehebe.recherche.usherbrooke.ca\/wp-content\/uploads\/2025\/09\/dahai-qi.jpg\" alt=\"\" class=\"wp-image-77\" style=\"object-fit:cover;width:400px;height:500px\" srcset=\"https:\/\/cerclehebe.recherche.usherbrooke.ca\/wp-content\/uploads\/2025\/09\/dahai-qi.jpg 251w, https:\/\/cerclehebe.recherche.usherbrooke.ca\/wp-content\/uploads\/2025\/09\/dahai-qi-241x300.jpg 241w\" sizes=\"auto, (max-width: 251px) 100vw, 251px\" \/><\/a><\/figure>\n\n\n\n<h2 class=\"wp-block-heading has-text-align-center has-large-font-size\"><strong><strong>Dahai Qi<\/strong><\/strong><\/h2>\n\n\n\n<p class=\"has-text-align-center has-medium-font-size\">Efficacit\u00e9 \u00e9nerg\u00e9tique des b\u00e2timents, ventilation des b\u00e2timents, s\u00e9curit\u00e9 incendie, contr\u00f4le des fum\u00e9es<\/p>\n<\/div>\n\n\n\n<div class=\"wp-block-column is-layout-flow wp-block-column-is-layout-flow\">\n<figure class=\"wp-block-image aligncenter size-full is-resized\"><a href=\"https:\/\/www.usherbrooke.ca\/recherche\/fr\/specialistes\/details\/jose.candanedo\"><img loading=\"lazy\" decoding=\"async\" width=\"360\" height=\"450\" src=\"https:\/\/cerclehebe.recherche.usherbrooke.ca\/wp-content\/uploads\/2025\/09\/Jose-Candanedo.jpg\" alt=\"\" class=\"wp-image-79\" style=\"object-fit:cover;width:400px;height:500px\" srcset=\"https:\/\/cerclehebe.recherche.usherbrooke.ca\/wp-content\/uploads\/2025\/09\/Jose-Candanedo.jpg 360w, https:\/\/cerclehebe.recherche.usherbrooke.ca\/wp-content\/uploads\/2025\/09\/Jose-Candanedo-240x300.jpg 240w\" sizes=\"auto, (max-width: 360px) 100vw, 360px\" \/><\/a><\/figure>\n\n\n\n<h2 class=\"wp-block-heading has-text-align-center has-large-font-size\"><strong><strong>Jos\u00e9 Candanedo<\/strong><\/strong><\/h2>\n\n\n\n<p class=\"has-text-align-center has-medium-font-size\">Gestion des charges dans les b\u00e2timents, strat\u00e9gies de contr\u00f4le, stockage d&rsquo;\u00e9nergie, interaction b\u00e2timent-r\u00e9seau<\/p>\n<\/div>\n\n\n\n<div class=\"wp-block-column is-layout-flow wp-block-column-is-layout-flow\">\n<figure class=\"wp-block-image aligncenter size-full is-resized\"><a href=\"https:\/\/www.usherbrooke.ca\/gcivil\/departement\/corps-professoral\/helene-proulx\"><img loading=\"lazy\" decoding=\"async\" width=\"271\" height=\"380\" src=\"https:\/\/cerclehebe.recherche.usherbrooke.ca\/wp-content\/uploads\/2025\/09\/Helene-Proulx-1.jpg\" alt=\"\" class=\"wp-image-81\" style=\"object-fit:cover;width:400px;height:500px\" srcset=\"https:\/\/cerclehebe.recherche.usherbrooke.ca\/wp-content\/uploads\/2025\/09\/Helene-Proulx-1.jpg 271w, https:\/\/cerclehebe.recherche.usherbrooke.ca\/wp-content\/uploads\/2025\/09\/Helene-Proulx-1-214x300.jpg 214w\" sizes=\"auto, (max-width: 271px) 100vw, 271px\" \/><\/a><\/figure>\n\n\n\n<h2 class=\"wp-block-heading has-text-align-center has-large-font-size\"><strong><strong>H\u00e9l\u00e8ne Proulx<\/strong><\/strong><\/h2>\n\n\n\n<p class=\"has-text-align-center has-medium-font-size\">R\u00e9silience des environnements int\u00e9rieurs et ext\u00e9rieurs des b\u00e2timents, qualit\u00e9 de l&rsquo;air et confort thermique<\/p>\n<\/div>\n<\/div>\n<\/div>\n<\/div>\n<\/div>\n\n\n\n<h2 class=\"wp-block-heading has-text-align-center\">Postdoctorants et \u00e9tudiants<\/h2>\n\n\n\n<div class=\"wp-block-group alignfull has-global-padding is-layout-constrained wp-container-core-group-is-layout-d89aad35 wp-block-group-is-layout-constrained\" style=\"margin-top:0;margin-bottom:0;padding-top:var(--wp--preset--spacing--50);padding-right:var(--wp--preset--spacing--50);padding-bottom:var(--wp--preset--spacing--50);padding-left:var(--wp--preset--spacing--50)\">\n<div class=\"wp-block-group alignwide has-global-padding is-layout-constrained wp-container-core-group-is-layout-19e250f3 wp-block-group-is-layout-constrained\">\n<div class=\"wp-block-group alignfull is-vertical is-layout-flex wp-container-core-group-is-layout-d3a5af94 wp-block-group-is-layout-flex\" style=\"margin-top:var(--wp--preset--spacing--40);margin-bottom:var(--wp--preset--spacing--40)\">\n<div class=\"wp-block-columns .student-section { max-width: 1200px; \/* \u60f3\u8981\u591a\u5bbd\u6539\u8fd9\u91cc\uff0c\u6bd4\u5982100% *\/ margin: 0 auto; \u5c45\u4e2d\u5bf9\u9f50 } has-small-font-size is-layout-flex wp-container-core-columns-is-layout-28f84493 wp-block-columns-is-layout-flex\" style=\"letter-spacing:0px;line-height:1.1;text-transform:none\">\n<div class=\"wp-block-column is-layout-flow wp-block-column-is-layout-flow\">\n<figure class=\"wp-block-image aligncenter size-medium is-resized\"><img loading=\"lazy\" decoding=\"async\" width=\"226\" height=\"300\" src=\"https:\/\/cerclehebe.recherche.usherbrooke.ca\/wp-content\/uploads\/2025\/09\/Ibrahin-Reda-4-226x300.jpg\" alt=\"\" class=\"wp-image-68\" style=\"object-fit:cover;width:250px;height:350px\" srcset=\"https:\/\/cerclehebe.recherche.usherbrooke.ca\/wp-content\/uploads\/2025\/09\/Ibrahin-Reda-4-226x300.jpg 226w, https:\/\/cerclehebe.recherche.usherbrooke.ca\/wp-content\/uploads\/2025\/09\/Ibrahin-Reda-4.jpg 678w\" sizes=\"auto, (max-width: 226px) 100vw, 226px\" \/><\/figure>\n\n\n\n<h2 class=\"wp-block-heading has-text-align-center has-large-font-size\" style=\"font-style:normal;font-weight:700\"><strong>Ibrahim Reda<\/strong><\/h2>\n\n\n\n<h2 class=\"wp-block-heading has-text-align-center has-large-font-size\">Postdoctorant (2025 &#8211; pr\u00e9sent)<\/h2>\n\n\n\n<p class=\"has-text-align-center has-medium-font-size\">Dr Ibrahim Reda est chercheur postdoctoral \u00e0 l&rsquo;Universit\u00e9 de Sherbrooke, sp\u00e9cialis\u00e9 en ventilation, qualit\u00e9 de l&rsquo;air int\u00e9rieur et s\u00e9curit\u00e9 incendie. Il combine essais exp\u00e9rimentaux, simulations CFD et mod\u00e9lisation de donn\u00e9es pour optimiser l&rsquo;efficacit\u00e9 \u00e9nerg\u00e9tique, le confort et la s\u00e9curit\u00e9 des b\u00e2timents. Titulaire d&rsquo;un doctorat en g\u00e9nie civil (Universit\u00e9 de Sherbrooke, 2025), d&rsquo;une ma\u00eetrise et d&rsquo;un baccalaur\u00e9at en g\u00e9nie m\u00e9canique (Universit\u00e9 du Caire, 2017 ; Universit\u00e9 Benha, 2011), il a publi\u00e9 dans des revues de premier plan et pr\u00e9sent\u00e9 lors de conf\u00e9rences internationales. Fort de plus de sept ans d&rsquo;exp\u00e9rience en conception de syst\u00e8mes CVC pour projets sant\u00e9, institutionnels et commerciaux, il est membre de l&rsquo;ASHRAE, IBPSA et FHEA, et r\u00e9viseur pour des revues scientifiques.<\/p>\n<\/div>\n\n\n\n<div class=\"wp-block-column is-layout-flow wp-block-column-is-layout-flow\">\n<figure class=\"wp-block-image aligncenter size-full is-resized\"><img loading=\"lazy\" decoding=\"async\" width=\"458\" height=\"539\" src=\"https:\/\/cerclehebe.recherche.usherbrooke.ca\/wp-content\/uploads\/2025\/09\/image-5.png\" alt=\"\" class=\"wp-image-162\" style=\"object-fit:cover;width:250px;height:350px\" srcset=\"https:\/\/cerclehebe.recherche.usherbrooke.ca\/wp-content\/uploads\/2025\/09\/image-5.png 458w, https:\/\/cerclehebe.recherche.usherbrooke.ca\/wp-content\/uploads\/2025\/09\/image-5-255x300.png 255w\" sizes=\"auto, (max-width: 458px) 100vw, 458px\" \/><\/figure>\n\n\n\n<h2 class=\"wp-block-heading has-text-align-center has-large-font-size\"><strong>Cl\u00e9ment Nevers<\/strong><\/h2>\n\n\n\n<h2 class=\"wp-block-heading has-text-align-center has-large-font-size\">Postdoctorant (2026 &#8211; pr\u00e9sent)<\/h2>\n\n\n\n<p class=\"has-text-align-center has-medium-font-size\">M. Cl\u00e9ment Nevers est dipl\u00f4m\u00e9 en g\u00e9nie du b\u00e2timent de l&rsquo;Institut des Sciences Appliqu\u00e9es de Toulouse, France en 2021. Parall\u00e8lement, il a obtenu un Master en Dynamique des Fluides \u00c9nerg\u00e9tique et Transferts (DET) de l&rsquo;Universit\u00e9 Toulouse III, France en 2022. Il a compl\u00e9t\u00e9 son doctorat en 2026 sous la supervision de la Pre Dominique Derome, o\u00f9 ses recherches portaient sur la compr\u00e9hension de l&rsquo;impact et du r\u00f4le des arbres dans l&rsquo;att\u00e9nuation des \u00eelots de chaleur urbains dans diff\u00e9rents contextes climatiques. Pour ce faire, il s&rsquo;appuyait sur une mod\u00e9lisation explicite de tous les ph\u00e9nom\u00e8nes physiques du microclimat urbain en r\u00e9solvant les \u00e9quations de la m\u00e9canique des fluides \u00e0 l&rsquo;aide de la CFD. Il est actuellement chercheur postdoctoral au sein du groupe de recherche.<\/p>\n<\/div>\n\n\n\n<div class=\"wp-block-column is-layout-flow wp-block-column-is-layout-flow\">\n<figure class=\"wp-block-image aligncenter size-medium is-resized\"><img loading=\"lazy\" decoding=\"async\" width=\"234\" height=\"300\" src=\"https:\/\/cerclehebe.recherche.usherbrooke.ca\/wp-content\/uploads\/2025\/09\/\u5fae\u4fe1\u56fe\u7247_20250925114542_108_129-234x300.jpg\" alt=\"\" class=\"wp-image-164\" style=\"object-fit:cover;width:250px;height:350px\" srcset=\"https:\/\/cerclehebe.recherche.usherbrooke.ca\/wp-content\/uploads\/2025\/09\/\u5fae\u4fe1\u56fe\u7247_20250925114542_108_129-234x300.jpg 234w, https:\/\/cerclehebe.recherche.usherbrooke.ca\/wp-content\/uploads\/2025\/09\/\u5fae\u4fe1\u56fe\u7247_20250925114542_108_129-798x1024.jpg 798w, https:\/\/cerclehebe.recherche.usherbrooke.ca\/wp-content\/uploads\/2025\/09\/\u5fae\u4fe1\u56fe\u7247_20250925114542_108_129-768x986.jpg 768w, https:\/\/cerclehebe.recherche.usherbrooke.ca\/wp-content\/uploads\/2025\/09\/\u5fae\u4fe1\u56fe\u7247_20250925114542_108_129.jpg 864w\" sizes=\"auto, (max-width: 234px) 100vw, 234px\" \/><\/figure>\n\n\n\n<h2 class=\"wp-block-heading has-text-align-center has-large-font-size\"><strong>Kexin Zheng<\/strong><\/h2>\n\n\n\n<h2 class=\"wp-block-heading has-text-align-center has-large-font-size\">Doctorante (2023 &#8211; pr\u00e9sent)<\/h2>\n\n\n\n<p class=\"has-text-align-center has-medium-font-size\">Mme Kexin Zheng a obtenu son baccalaur\u00e9at en ing\u00e9nierie thermique et \u00e9nerg\u00e9tique \u00e0 l&rsquo;Universit\u00e9 de Technologie de Hefei (HFUT) en Chine. Par la suite, elle a termin\u00e9 ses \u00e9tudes de master en sciences et ing\u00e9nierie de l&rsquo;\u00e9nergie, sp\u00e9cialis\u00e9e dans la conception de b\u00e2timents \u00e9conomes en \u00e9nergie et les infrastructures \u00e0 l&rsquo;Universit\u00e9 Technique de Darmstadt (TU Darmstadt) en Allemagne. Elle poursuit maintenant ses \u00e9tudes doctorales sous la supervision du Pr Dahai Qi et de la Pre Dominique Derome, se concentrant sur le d\u00e9veloppement d&rsquo;une nouvelle approche de mod\u00e9lisation \u00e0 base d&rsquo;h\u00e9lium pour \u00e9tudier l&rsquo;environnement thermique urbain, gr\u00e2ce \u00e0 des simulations CFD et des exp\u00e9riences en soufflerie.<\/p>\n<\/div>\n\n\n\n<div class=\"wp-block-column is-layout-flow wp-block-column-is-layout-flow\">\n<figure class=\"wp-block-image aligncenter size-medium is-resized\"><img loading=\"lazy\" decoding=\"async\" width=\"246\" height=\"300\" src=\"https:\/\/cerclehebe.recherche.usherbrooke.ca\/wp-content\/uploads\/2025\/09\/Ahmed-2-246x300.jpg\" alt=\"\" class=\"wp-image-70\" style=\"object-fit:cover;width:250px;height:350px\" srcset=\"https:\/\/cerclehebe.recherche.usherbrooke.ca\/wp-content\/uploads\/2025\/09\/Ahmed-2-246x300.jpg 246w, https:\/\/cerclehebe.recherche.usherbrooke.ca\/wp-content\/uploads\/2025\/09\/Ahmed-2.jpg 768w\" sizes=\"auto, (max-width: 246px) 100vw, 246px\" \/><\/figure>\n\n\n\n<h2 class=\"wp-block-heading has-text-align-center has-large-font-size\"><strong>Ahmed Abdalreheem<\/strong><\/h2>\n\n\n\n<h2 class=\"wp-block-heading has-text-align-center has-large-font-size\">Doctorant (2024 &#8211; pr\u00e9sent)<\/h2>\n\n\n\n<p class=\"has-text-align-center has-medium-font-size\">M. Ahmed Abdalreheem a obtenu son dipl\u00f4me de baccalaur\u00e9at en g\u00e9nie m\u00e9canique \u00e0 l&rsquo;Universit\u00e9 du Caire en \u00c9gypte en 2017. De plus, il a obtenu son master en transfert de chaleur \u00e0 l&rsquo;Universit\u00e9 Ain Shams en 2022. Maintenant, il poursuit ses \u00e9tudes doctorales sur l&rsquo;efficacit\u00e9 de diverses mesures visant \u00e0 att\u00e9nuer les impacts de la fum\u00e9e des feux de for\u00eat sur la qualit\u00e9 de l&rsquo;air int\u00e9rieur, en utilisant la mod\u00e9lisation par simulation et des techniques de mesure sur le terrain, sous la direction du Pr Dahai Qi.<\/p>\n<\/div>\n<\/div>\n<\/div>\n<\/div>\n\n\n\n<div class=\"wp-block-group alignwide has-global-padding is-layout-constrained wp-container-core-group-is-layout-19e250f3 wp-block-group-is-layout-constrained\">\n<div class=\"wp-block-group alignfull is-vertical is-layout-flex wp-container-core-group-is-layout-d3a5af94 wp-block-group-is-layout-flex\" style=\"margin-top:var(--wp--preset--spacing--40);margin-bottom:var(--wp--preset--spacing--40)\">\n<div class=\"wp-block-columns .student-section { max-width: 1200px; \/* \u60f3\u8981\u591a\u5bbd\u6539\u8fd9\u91cc\uff0c\u6bd4\u5982100% *\/ margin: 0 auto; \u5c45\u4e2d\u5bf9\u9f50 } has-small-font-size is-layout-flex wp-container-core-columns-is-layout-28f84493 wp-block-columns-is-layout-flex\" style=\"letter-spacing:0px;line-height:1.1;text-transform:none\">\n<div class=\"wp-block-column is-layout-flow wp-block-column-is-layout-flow\">\n<figure class=\"wp-block-image aligncenter size-full is-resized\"><img loading=\"lazy\" decoding=\"async\" width=\"1024\" height=\"1024\" src=\"https:\/\/cerclehebe.recherche.usherbrooke.ca\/wp-content\/uploads\/2025\/09\/Mohsen-Lotfi.png\" alt=\"\" class=\"wp-image-128\" style=\"object-fit:cover;width:250px;height:350px\" srcset=\"https:\/\/cerclehebe.recherche.usherbrooke.ca\/wp-content\/uploads\/2025\/09\/Mohsen-Lotfi.png 1024w, https:\/\/cerclehebe.recherche.usherbrooke.ca\/wp-content\/uploads\/2025\/09\/Mohsen-Lotfi-300x300.png 300w, https:\/\/cerclehebe.recherche.usherbrooke.ca\/wp-content\/uploads\/2025\/09\/Mohsen-Lotfi-150x150.png 150w, https:\/\/cerclehebe.recherche.usherbrooke.ca\/wp-content\/uploads\/2025\/09\/Mohsen-Lotfi-768x768.png 768w\" sizes=\"auto, (max-width: 1024px) 100vw, 1024px\" \/><\/figure>\n\n\n\n<h2 class=\"wp-block-heading has-text-align-center has-large-font-size\"><strong>Mohsen Lotfi<\/strong><\/h2>\n\n\n\n<h2 class=\"wp-block-heading has-text-align-center has-large-font-size\">Doctorant (2024 &#8211; pr\u00e9sent)<\/h2>\n\n\n\n<p class=\"has-text-align-center has-medium-font-size\">Mohsen est titulaire d&rsquo;un baccalaur\u00e9at et d&rsquo;une ma\u00eetrise en g\u00e9nie m\u00e9canique, sp\u00e9cialis\u00e9 en syst\u00e8mes de conversion d&rsquo;\u00e9nergie thermique. Il poursuit actuellement un doctorat sur les syst\u00e8mes \u00e9nerg\u00e9tiques des b\u00e2timents, o\u00f9 il d\u00e9veloppe des mod\u00e8les g\u00e9n\u00e9riques orient\u00e9s contr\u00f4le pour la gestion optimale des charges, \u00e0 partir de donn\u00e9es multi-b\u00e2timents. Ses recherches visent \u00e0 d\u00e9carboner le secteur du b\u00e2timent gr\u00e2ce \u00e0 des strat\u00e9gies de contr\u00f4le pr\u00e9dictif (MPC) am\u00e9liorant l&rsquo;interaction b\u00e2timent-r\u00e9seau. En regroupant des b\u00e2timents, notamment des \u00e9coles qu\u00e9b\u00e9coises, selon leurs caract\u00e9ristiques communes, il con\u00e7oit des mod\u00e8les adaptables \u00e0 chaque site via des donn\u00e9es en temps r\u00e9el. Cette approche favorise l&rsquo;efficacit\u00e9 \u00e9nerg\u00e9tique, r\u00e9duit la pression sur le r\u00e9seau et encourage l&rsquo;adoption du chauffage \u00e9lectrique en climat froid.<\/p>\n<\/div>\n\n\n\n<div class=\"wp-block-column is-layout-flow wp-block-column-is-layout-flow\">\n<figure class=\"wp-block-image aligncenter size-medium is-resized\"><img loading=\"lazy\" decoding=\"async\" width=\"246\" height=\"300\" src=\"https:\/\/cerclehebe.recherche.usherbrooke.ca\/wp-content\/uploads\/2025\/09\/Daniel-de-cotret-246x300.jpg\" alt=\"\" class=\"wp-image-116\" style=\"object-fit:cover;width:250px;height:350px\" srcset=\"https:\/\/cerclehebe.recherche.usherbrooke.ca\/wp-content\/uploads\/2025\/09\/Daniel-de-cotret-246x300.jpg 246w, https:\/\/cerclehebe.recherche.usherbrooke.ca\/wp-content\/uploads\/2025\/09\/Daniel-de-cotret.jpg 577w\" sizes=\"auto, (max-width: 246px) 100vw, 246px\" \/><\/figure>\n\n\n\n<h2 class=\"wp-block-heading has-text-align-center has-large-font-size\" style=\"font-style:normal;font-weight:700\">Daniel de Cotret<\/h2>\n\n\n\n<h2 class=\"wp-block-heading has-text-align-center has-large-font-size\">Doctorant (2024 &#8211; pr\u00e9sent)<\/h2>\n\n\n\n<p class=\"has-text-align-center has-medium-font-size\">Daniel de Cotret est dipl\u00f4m\u00e9 en g\u00e9nie du b\u00e2timent de l&rsquo;Universit\u00e9 de Sherbrooke en 2022. Il poursuit actuellement sa ma\u00eetrise, se concentrant sur le d\u00e9veloppement d&rsquo;un outil d&rsquo;\u00e9valuation des dommages \u00e0 l&rsquo;enveloppe du b\u00e2timent lors d&rsquo;inondations, bas\u00e9 sur la mod\u00e9lisation hygrothermique et des exp\u00e9rimentations. Ses travaux sont r\u00e9alis\u00e9s sous la supervision des Pre Dominique Derome et Pre Marie-Am\u00e9lie Boucher.<\/p>\n<\/div>\n\n\n\n<div class=\"wp-block-column is-layout-flow wp-block-column-is-layout-flow\">\n<figure class=\"wp-block-image aligncenter size-medium is-resized\"><img loading=\"lazy\" decoding=\"async\" width=\"300\" height=\"300\" src=\"https:\/\/cerclehebe.recherche.usherbrooke.ca\/wp-content\/uploads\/2025\/09\/zhonglin-gu-300x300.jpg\" alt=\"\" class=\"wp-image-126\" style=\"object-fit:cover;width:250px;height:350px\" srcset=\"https:\/\/cerclehebe.recherche.usherbrooke.ca\/wp-content\/uploads\/2025\/09\/zhonglin-gu-300x300.jpg 300w, https:\/\/cerclehebe.recherche.usherbrooke.ca\/wp-content\/uploads\/2025\/09\/zhonglin-gu-150x150.jpg 150w, https:\/\/cerclehebe.recherche.usherbrooke.ca\/wp-content\/uploads\/2025\/09\/zhonglin-gu-768x768.jpg 768w, https:\/\/cerclehebe.recherche.usherbrooke.ca\/wp-content\/uploads\/2025\/09\/zhonglin-gu.jpg 800w\" sizes=\"auto, (max-width: 300px) 100vw, 300px\" \/><\/figure>\n\n\n\n<h2 class=\"wp-block-heading has-text-align-center has-large-font-size\" style=\"font-style:normal;font-weight:700\">Zhonglin Gu<\/h2>\n\n\n\n<h2 class=\"wp-block-heading has-text-align-center has-large-font-size\">Doctorante (2025 &#8211; pr\u00e9sent)<\/h2>\n\n\n\n<p class=\"has-text-align-center has-medium-font-size\">Zhonglin Gu est dipl\u00f4m\u00e9e d&rsquo;un baccalaur\u00e9at en ing\u00e9nierie appliqu\u00e9e de l&rsquo;environnement b\u00e2ti et de l&rsquo;\u00e9nergie de l&rsquo;Universit\u00e9 oc\u00e9anique du Guangdong en 2021 et a obtenu sa ma\u00eetrise en g\u00e9nie civil et hydraulique (CVC) \u00e0 l&rsquo;Universit\u00e9 de technologie de Nankin (NUIST) en 2024. Elle \u00e9tudie actuellement \u00e0 l&rsquo;Universit\u00e9 de Sherbrooke (UdeS), Canada, o\u00f9 elle recherche le m\u00e9canisme de dispersion de la fum\u00e9e des feux de for\u00eat dans l&rsquo;environnement b\u00e2ti et les mesures d&rsquo;att\u00e9nuation, sous la direction conjointe du Pr Dahai Qi et du Pr Hachimi Fellouah.<\/p>\n<\/div>\n\n\n\n<div class=\"wp-block-column is-layout-flow wp-block-column-is-layout-flow\">\n<figure class=\"wp-block-image aligncenter size-medium is-resized\"><img loading=\"lazy\" decoding=\"async\" width=\"300\" height=\"279\" src=\"https:\/\/cerclehebe.recherche.usherbrooke.ca\/wp-content\/uploads\/2025\/09\/Francklin-Gael-Nyami-1-300x279.jpg\" alt=\"\" class=\"wp-image-120\" style=\"object-fit:cover;width:250px;height:350px\" srcset=\"https:\/\/cerclehebe.recherche.usherbrooke.ca\/wp-content\/uploads\/2025\/09\/Francklin-Gael-Nyami-1-300x279.jpg 300w, https:\/\/cerclehebe.recherche.usherbrooke.ca\/wp-content\/uploads\/2025\/09\/Francklin-Gael-Nyami-1.jpg 510w\" sizes=\"auto, (max-width: 300px) 100vw, 300px\" \/><\/figure>\n\n\n\n<h2 class=\"wp-block-heading has-text-align-center has-large-font-size\" style=\"font-style:normal;font-weight:700\">Nyami Francklin Gael<\/h2>\n\n\n\n<h2 class=\"wp-block-heading has-text-align-center has-large-font-size\">Doctorant (2025 &#8211; pr\u00e9sent)<\/h2>\n\n\n\n<p class=\"has-text-align-center has-medium-font-size\">Nyami Francklin Gael&nbsp;a obtenu un dipl\u00f4me d&rsquo;ing\u00e9nieur en moteurs et transmission de puissance en 2018 \u00e0 l&rsquo;\u00c9cole Nationale Sup\u00e9rieure Polytechnique de Douala (ENSPD) de l&rsquo;Universit\u00e9 de Douala. Il a ensuite obtenu un master recherche en g\u00e9nie \u00e9nerg\u00e9tique en 2020 \u00e0 l&rsquo;\u00c9cole Doctorale des Sciences Fondamentales et Appliqu\u00e9es (EDOSFA) de l&rsquo;Universit\u00e9 de Douala. En 2025, il s&rsquo;est inscrit au programme de doctorat de l&rsquo;Universit\u00e9 de Sherbrooke, se concentrant sur la mod\u00e9lisation num\u00e9rique multi-\u00e9chelle des microclimats de serres dans les r\u00e9gions nordiques, sous la supervision de la Pre Dominique Derome et du Pr S\u00e9bastien Poncet.<\/p>\n<\/div>\n<\/div>\n<\/div>\n<\/div>\n<\/div>\n\n\n\n<div class=\"wp-block-group alignwide has-global-padding is-layout-constrained wp-container-core-group-is-layout-19e250f3 wp-block-group-is-layout-constrained\">\n<div class=\"wp-block-group alignfull is-vertical is-layout-flex wp-container-core-group-is-layout-d3a5af94 wp-block-group-is-layout-flex\" style=\"margin-top:var(--wp--preset--spacing--40);margin-bottom:var(--wp--preset--spacing--40)\">\n<div class=\"wp-block-columns .student-section { max-width: 1200px; \/* \u60f3\u8981\u591a\u5bbd\u6539\u8fd9\u91cc\uff0c\u6bd4\u5982100% *\/ margin: 0 auto; \u5c45\u4e2d\u5bf9\u9f50 } has-small-font-size is-layout-flex wp-container-core-columns-is-layout-28f84493 wp-block-columns-is-layout-flex\" style=\"letter-spacing:0px;line-height:1.1;text-transform:none\">\n<div class=\"wp-block-column is-layout-flow wp-block-column-is-layout-flow\">\n<figure class=\"wp-block-image aligncenter size-medium is-resized\"><img loading=\"lazy\" decoding=\"async\" width=\"215\" height=\"300\" src=\"https:\/\/cerclehebe.recherche.usherbrooke.ca\/wp-content\/uploads\/2025\/09\/Xinshuai-Geng-215x300.jpg\" alt=\"\" class=\"wp-image-122\" style=\"object-fit:cover;width:250px;height:350px\" srcset=\"https:\/\/cerclehebe.recherche.usherbrooke.ca\/wp-content\/uploads\/2025\/09\/Xinshuai-Geng-215x300.jpg 215w, https:\/\/cerclehebe.recherche.usherbrooke.ca\/wp-content\/uploads\/2025\/09\/Xinshuai-Geng-734x1024.jpg 734w, https:\/\/cerclehebe.recherche.usherbrooke.ca\/wp-content\/uploads\/2025\/09\/Xinshuai-Geng.jpg 756w\" sizes=\"auto, (max-width: 215px) 100vw, 215px\" \/><\/figure>\n\n\n\n<h2 class=\"wp-block-heading has-text-align-center has-large-font-size\"><strong>Xinshuai Geng<\/strong><\/h2>\n\n\n\n<h2 class=\"wp-block-heading has-text-align-center has-large-font-size\">Doctorant (2025 &#8211; pr\u00e9sent)<\/h2>\n\n\n\n<p class=\"has-text-align-center has-medium-font-size\">Xinshuai Geng est dipl\u00f4m\u00e9 d&rsquo;un baccalaur\u00e9at en environnement du b\u00e2timent et applications \u00e9nerg\u00e9tiques de l&rsquo;Universit\u00e9 Shenyang Jianzhu en 2022, et a termin\u00e9 sa ma\u00eetrise en chauffage, gaz\u00e9ification, ventilation et climatisation \u00e0 l&rsquo;Universit\u00e9 Jilin Jianzhu en 2025. Il poursuit maintenant son doctorat sur l&rsquo;am\u00e9lioration de la qualit\u00e9 de l&rsquo;air int\u00e9rieur lors des feux de for\u00eat et des vagues de chaleur, sous la supervision du Pr Dahai Qi \u00e0 l&rsquo;Universit\u00e9 de Sherbrooke et du Pr Chang Chu au Conseil national de recherches Canada.<\/p>\n<\/div>\n\n\n\n<div class=\"wp-block-column is-layout-flow wp-block-column-is-layout-flow\">\n<figure class=\"wp-block-image aligncenter size-full is-resized\"><img loading=\"lazy\" decoding=\"async\" width=\"190\" height=\"151\" src=\"https:\/\/cerclehebe.recherche.usherbrooke.ca\/wp-content\/uploads\/2025\/09\/Maude-Dias.jpg\" alt=\"\" class=\"wp-image-124\" style=\"object-fit:cover;width:250px;height:350px\"\/><\/figure>\n\n\n\n<h2 class=\"wp-block-heading has-text-align-center has-large-font-size\" style=\"font-style:normal;font-weight:700\"><strong>Maude Dias<\/strong><\/h2>\n\n\n\n<h2 class=\"wp-block-heading has-text-align-center has-large-font-size\">Doctorante (2025 &#8211; pr\u00e9sent)<\/h2>\n\n\n\n<p class=\"has-text-align-center has-medium-font-size\">Maude Dias poursuit actuellement un double dipl\u00f4me en ing\u00e9nierie g\u00e9n\u00e9rale, entre l&rsquo;\u00c9cole Nationale Sup\u00e9rieure des Arts et M\u00e9tiers en France et l&rsquo;Universit\u00e9 de Sherbrooke. Actuellement, elle poursuit ses \u00e9tudes de ma\u00eetrise en se concentrant sur la physique du mouillage en milieu poreux par les gouttes de pluie, \u00e0 l&rsquo;\u00e9chelle de la gouttelette. Gr\u00e2ce \u00e0 l&rsquo;exp\u00e9rimentation et \u00e0 la comparaison avec des mod\u00e8les th\u00e9oriques, le projet vise \u00e0 int\u00e9grer le comportement des gouttelettes dans la pr\u00e9diction du mouillage, du s\u00e9chage et du ruissellement de l&rsquo;eau dans les b\u00e2timents urbains.<\/p>\n<\/div>\n\n\n\n<div class=\"wp-block-column is-layout-flow wp-block-column-is-layout-flow\">\n<figure class=\"wp-block-image aligncenter size-medium is-resized\"><img loading=\"lazy\" decoding=\"async\" width=\"300\" height=\"221\" src=\"https:\/\/cerclehebe.recherche.usherbrooke.ca\/wp-content\/uploads\/2025\/09\/Nour-photo-300x221.jpg\" alt=\"\" class=\"wp-image-118\" style=\"object-fit:cover;width:250px;height:350px\" srcset=\"https:\/\/cerclehebe.recherche.usherbrooke.ca\/wp-content\/uploads\/2025\/09\/Nour-photo-300x221.jpg 300w, https:\/\/cerclehebe.recherche.usherbrooke.ca\/wp-content\/uploads\/2025\/09\/Nour-photo-1024x753.jpg 1024w, https:\/\/cerclehebe.recherche.usherbrooke.ca\/wp-content\/uploads\/2025\/09\/Nour-photo-768x565.jpg 768w, https:\/\/cerclehebe.recherche.usherbrooke.ca\/wp-content\/uploads\/2025\/09\/Nour-photo.jpg 1167w\" sizes=\"auto, (max-width: 300px) 100vw, 300px\" \/><\/figure>\n\n\n\n<h2 class=\"wp-block-heading has-text-align-center has-large-font-size\" style=\"font-style:normal;font-weight:700\">Nour Alaya<\/h2>\n\n\n\n<h2 class=\"wp-block-heading has-text-align-center has-large-font-size\">\u00c9tudiante \u00e0 la ma\u00eetrise (2024 &#8211; pr\u00e9sent)<\/h2>\n\n\n\n<p class=\"has-text-align-center has-medium-font-size\">Nour Alaya est titulaire d&rsquo;un baccalaur\u00e9at en g\u00e9nie \u00e9nerg\u00e9tique sp\u00e9cialis\u00e9 en thermique des fluides de l&rsquo;\u00c9cole Nationale d&rsquo;Ing\u00e9nieurs de Monastir, Tunisie, obtenu en 2022. Elle est actuellement inscrite \u00e0 un programme de ma\u00eetrise recherche. Son projet de recherche vise \u00e0 caract\u00e9riser le profil de la demande \u00e9nerg\u00e9tique dans les centres informatiques pour optimiser la r\u00e9cup\u00e9ration d&rsquo;\u00e9nergie thermique sous la supervision du Professeur Jos\u00e9 Candanedo.<\/p>\n<\/div>\n\n\n\n<div class=\"wp-block-column is-layout-flow wp-block-column-is-layout-flow\">\n<figure class=\"wp-block-image aligncenter size-medium is-resized\"><img loading=\"lazy\" decoding=\"async\" width=\"237\" height=\"300\" src=\"https:\/\/cerclehebe.recherche.usherbrooke.ca\/wp-content\/uploads\/2025\/09\/Antoine-Ruel-237x300.jpg\" alt=\"\" class=\"wp-image-125\" style=\"object-fit:cover;width:250px;height:350px\" srcset=\"https:\/\/cerclehebe.recherche.usherbrooke.ca\/wp-content\/uploads\/2025\/09\/Antoine-Ruel-237x300.jpg 237w, https:\/\/cerclehebe.recherche.usherbrooke.ca\/wp-content\/uploads\/2025\/09\/Antoine-Ruel.jpg 594w\" sizes=\"auto, (max-width: 237px) 100vw, 237px\" \/><\/figure>\n\n\n\n<h2 class=\"wp-block-heading has-text-align-center has-large-font-size\" style=\"font-style:normal;font-weight:700\">Antoine Ruel<\/h2>\n\n\n\n<h2 class=\"wp-block-heading has-text-align-center has-large-font-size\">\u00c9tudiant \u00e0 la ma\u00eetrise (2024 &#8211; pr\u00e9sent)<\/h2>\n\n\n\n<p class=\"has-text-align-center has-medium-font-size\">Antoine Ruel a termin\u00e9 ses \u00e9tudes de premier cycle avec un baccalaur\u00e9at en g\u00e9nie du b\u00e2timent et a obtenu son dipl\u00f4me de l&rsquo;Universit\u00e9 de Sherbrooke en 2024. Il poursuit actuellement une ma\u00eetrise avec m\u00e9moire, se sp\u00e9cialisant dans la mod\u00e9lisation \u00e9nerg\u00e9tique des b\u00e2timents et la gestion des charges \u00e9nerg\u00e9tiques. Son projet se concentre sur l&rsquo;analyse des options d&rsquo;int\u00e9gration de technologies innovantes dans un nouveau b\u00e2timent de recherche d\u00e9di\u00e9 aux \u00e9tudes sur le bois, sous la supervision des Professeurs Jos\u00e9 Candanedo et Dominique Derome.<\/p>\n<\/div>\n<\/div>\n<\/div>\n<\/div>\n\n\n\n<div class=\"wp-block-group alignwide has-global-padding is-layout-constrained wp-container-core-group-is-layout-19e250f3 wp-block-group-is-layout-constrained\">\n<div class=\"wp-block-group alignfull is-vertical is-layout-flex wp-container-core-group-is-layout-d3a5af94 wp-block-group-is-layout-flex\" style=\"margin-top:var(--wp--preset--spacing--40);margin-bottom:var(--wp--preset--spacing--40)\">\n<div class=\"wp-block-columns .student-section { max-width: 1200px; \/* \u60f3\u8981\u591a\u5bbd\u6539\u8fd9\u91cc\uff0c\u6bd4\u5982100% *\/ margin: 0 auto; \u5c45\u4e2d\u5bf9\u9f50 } has-small-font-size is-layout-flex wp-container-core-columns-is-layout-28f84493 wp-block-columns-is-layout-flex\" style=\"letter-spacing:0px;line-height:1.1;text-transform:none\">\n<div class=\"wp-block-column is-layout-flow wp-block-column-is-layout-flow\">\n<figure class=\"wp-block-image aligncenter size-medium is-resized\"><img loading=\"lazy\" decoding=\"async\" width=\"291\" height=\"300\" src=\"https:\/\/cerclehebe.recherche.usherbrooke.ca\/wp-content\/uploads\/2025\/09\/Sabrine-HTIT-291x300.jpg\" alt=\"\" class=\"wp-image-117\" style=\"object-fit:cover;width:250px;height:350px\" srcset=\"https:\/\/cerclehebe.recherche.usherbrooke.ca\/wp-content\/uploads\/2025\/09\/Sabrine-HTIT-291x300.jpg 291w, https:\/\/cerclehebe.recherche.usherbrooke.ca\/wp-content\/uploads\/2025\/09\/Sabrine-HTIT.jpg 434w\" sizes=\"auto, (max-width: 291px) 100vw, 291px\" \/><\/figure>\n\n\n\n<h2 class=\"wp-block-heading has-text-align-center has-large-font-size\"><strong>Sabrine Htit<\/strong><\/h2>\n\n\n\n<h2 class=\"wp-block-heading has-text-align-center has-large-font-size\">\u00c9tudiante \u00e0 la ma\u00eetrise (2024 &#8211; pr\u00e9sent)<\/h2>\n\n\n\n<p class=\"has-text-align-center has-medium-font-size\">Sabrine HTIT, dipl\u00f4m\u00e9e de l&rsquo;\u00c9cole Nationale d&rsquo;Ing\u00e9nieurs de Tunis en hydraulique et environnement, poursuit une ma\u00eetrise en g\u00e9nie civil \u00e0 l&rsquo;Universit\u00e9 de Sherbrooke. Sp\u00e9cialis\u00e9e en dynamique des fluides computationnelle (CFD), elle applique cette m\u00e9thode aux probl\u00e8mes environnementaux. Son projet de recherche \u00e0 Oujda (Maroc) explore comment des interventions locales \u2014 rev\u00e9g\u00e9talisation, conception d&rsquo;espaces publics et choix de mat\u00e9riaux urbains \u2014 peuvent am\u00e9liorer le microclimat des quartiers r\u00e9sidentiels. \u00c0 l&rsquo;aide de simulations CFD, elle mod\u00e9lise l&rsquo;impact de ces strat\u00e9gies sur les flux d&rsquo;air, les temp\u00e9ratures et l&rsquo;humidit\u00e9, dans le but d&rsquo;am\u00e9liorer le confort thermique et de r\u00e9duire les \u00eelots de chaleur urbains..<\/p>\n<\/div>\n\n\n\n<div class=\"wp-block-column is-layout-flow wp-block-column-is-layout-flow\">\n<figure class=\"wp-block-image aligncenter size-full is-resized\"><img loading=\"lazy\" decoding=\"async\" width=\"865\" height=\"905\" src=\"https:\/\/cerclehebe.recherche.usherbrooke.ca\/wp-content\/uploads\/2025\/09\/image-4.png\" alt=\"\" class=\"wp-image-159\" style=\"object-fit:cover;width:250px;height:350px\" srcset=\"https:\/\/cerclehebe.recherche.usherbrooke.ca\/wp-content\/uploads\/2025\/09\/image-4.png 865w, https:\/\/cerclehebe.recherche.usherbrooke.ca\/wp-content\/uploads\/2025\/09\/image-4-287x300.png 287w, https:\/\/cerclehebe.recherche.usherbrooke.ca\/wp-content\/uploads\/2025\/09\/image-4-768x804.png 768w\" sizes=\"auto, (max-width: 865px) 100vw, 865px\" \/><\/figure>\n\n\n\n<h2 class=\"wp-block-heading has-text-align-center has-large-font-size\"><strong>Zachary Gauthiert<\/strong><\/h2>\n\n\n\n<h2 class=\"wp-block-heading has-text-align-center has-large-font-size\">\u00c9tudiant \u00e0 la ma\u00eetrise (2025 &#8211; pr\u00e9sent)<\/h2>\n\n\n\n<p class=\"has-text-align-center has-medium-font-size\">Zachary Gauthier est dipl\u00f4m\u00e9 en physique g\u00e9nie de l&rsquo;Universit\u00e9 Laval \u00e0 Qu\u00e9bec en 2025. Il poursuit actuellement une ma\u00eetrise en g\u00e9nie civil \u00e0 l&rsquo;Universit\u00e9 de Sherbrooke sous la supervision de la Pre Dominique Derome. Ses recherches portent sur la validation des simulations de microclimat urbain par des mesures sur site et la construction d&rsquo;environnements b\u00e2tis simplifi\u00e9s pour comparer les donn\u00e9es observ\u00e9es avec les r\u00e9sultats de mod\u00e9lisation.<\/p>\n<\/div>\n\n\n\n<div class=\"wp-block-column is-layout-flow wp-block-column-is-layout-flow\">\n<h2 class=\"wp-block-heading has-text-align-center has-large-font-size\"><\/h2>\n<\/div>\n\n\n\n<div class=\"wp-block-column is-layout-flow wp-block-column-is-layout-flow\">\n<h2 class=\"wp-block-heading has-text-align-center has-large-font-size\"><\/h2>\n<\/div>\n<\/div>\n<\/div>\n<\/div>\n\n\n\n<p><\/p>\n","protected":false},"excerpt":{"rendered":"<p>Directeurs de recherche Dominique Derome Durabilit\u00e9, transfert de chaleur et de masse, enveloppe du b\u00e2timent Dahai Qi Efficacit\u00e9 \u00e9nerg\u00e9tique des b\u00e2timents, ventilation des b\u00e2timents, s\u00e9curit\u00e9 incendie, contr\u00f4le des fum\u00e9es Jos\u00e9 Candanedo Gestion des charges dans les b\u00e2timents, strat\u00e9gies de contr\u00f4le, stockage d&rsquo;\u00e9nergie, interaction b\u00e2timent-r\u00e9seau H\u00e9l\u00e8ne Proulx R\u00e9silience des environnements int\u00e9rieurs et ext\u00e9rieurs des b\u00e2timents, qualit\u00e9 [&hellip;]<\/p>\n","protected":false},"author":1,"featured_media":0,"parent":0,"menu_order":0,"comment_status":"closed","ping_status":"closed","template":"","meta":{"footnotes":""},"class_list":["post-14","page","type-page","status-publish","hentry"],"_links":{"self":[{"href":"https:\/\/cerclehebe.recherche.usherbrooke.ca\/index.php\/wp-json\/wp\/v2\/pages\/14","targetHints":{"allow":["GET"]}}],"collection":[{"href":"https:\/\/cerclehebe.recherche.usherbrooke.ca\/index.php\/wp-json\/wp\/v2\/pages"}],"about":[{"href":"https:\/\/cerclehebe.recherche.usherbrooke.ca\/index.php\/wp-json\/wp\/v2\/types\/page"}],"author":[{"embeddable":true,"href":"https:\/\/cerclehebe.recherche.usherbrooke.ca\/index.php\/wp-json\/wp\/v2\/users\/1"}],"replies":[{"embeddable":true,"href":"https:\/\/cerclehebe.recherche.usherbrooke.ca\/index.php\/wp-json\/wp\/v2\/comments?post=14"}],"version-history":[{"count":45,"href":"https:\/\/cerclehebe.recherche.usherbrooke.ca\/index.php\/wp-json\/wp\/v2\/pages\/14\/revisions"}],"predecessor-version":[{"id":215,"href":"https:\/\/cerclehebe.recherche.usherbrooke.ca\/index.php\/wp-json\/wp\/v2\/pages\/14\/revisions\/215"}],"wp:attachment":[{"href":"https:\/\/cerclehebe.recherche.usherbrooke.ca\/index.php\/wp-json\/wp\/v2\/media?parent=14"}],"curies":[{"name":"wp","href":"https:\/\/api.w.org\/{rel}","templated":true}]}}